{"id":8766,"date":"2024-06-10T19:55:06","date_gmt":"2024-06-10T17:55:06","guid":{"rendered":"http:\/\/gruene-schwerte.de\/?page_id=8766"},"modified":"2024-06-16T19:33:43","modified_gmt":"2024-06-16T17:33:43","slug":"24_06_18_hpga","status":"publish","type":"page","link":"https:\/\/gruene-schwerte.de\/index.php\/24_06_18_hpga\/","title":{"rendered":"TRISS &#8211; Haupt-, Personal- und Gleichstellungsausschuss"},"content":{"rendered":"\n<p>18.06.2024, 17 Uhr, Ratssaal, Rathausstra\u00dfe 31, 58239 Schwerte<br><\/p>\n\n\n\n<p><a href=\"http:\/\/gruene-schwerte.de\/wp-content\/uploads\/2024\/06\/24_06_17_AWFSO_Einladung-Ausschuss.pdf\" data-type=\"attachment\" data-id=\"8752\" target=\"_blank\" rel=\"noreferrer noopener\">Einladung<\/a><\/p>\n\n\n\n<p><strong>Tagesordnung<\/strong><\/p>\n\n\n\n<p>TOP 1 &#8211; Feststellung der form- und fristgerechten Einladung sowie Beschlussf\u00e4higkeit des Ausschusses<\/p>\n\n\n\n<p>TOP 2 &#8211; Genehmigung der Tagesordnung<\/p>\n\n\n\n<p>TOP 3 &#8211; Einwohner*innenfragestunde<\/p>\n\n\n\n<p>TOP 4 &#8211; Feststellung von Befangenheit<\/p>\n\n\n\n<p><a href=\"http:\/\/gruene-schwerte.de\/wp-content\/uploads\/2024\/06\/24_06_17_HPGA_TOP-5-X_1054-Stv.-Vorsitzende.pdf\" data-type=\"attachment\" data-id=\"8775\">TOP 5 &#8211; Wahl der stellvertretenden Vorsitzenden des Haupt-, Personal- und Gleichstellungsausschusses (X\/1054)<\/a><\/p>\n\n\n\n<p>TOP 6 &#8211; Bericht der Gleichstellungsbeauftragten<\/p>\n\n\n\n<p><a href=\"http:\/\/gruene-schwerte.de\/wp-content\/uploads\/2024\/06\/24_06_17_HPGA_TOP-7-X_1033-Mitglied-Verbraucherzentrale.pdf\" data-type=\"attachment\" data-id=\"8774\">TOP 7 &#8211; Wahl eines Mitgliedes f\u00fcr den Beirat der Verbraucherzentrale NRW, Beratungsstelle Schwerte (X\/1033)<\/a><\/p>\n\n\n\n<p><a href=\"http:\/\/gruene-schwerte.de\/wp-content\/uploads\/2024\/06\/24_06_17_HPGA_TOP-8-Vorlage-X_1047-Am-Rosenweg.pdf\" data-type=\"attachment\" data-id=\"8773\">TOP 8 &#8211; Stra\u00dfenbenennung BP 188 &#8222;Am Rosenweg&#8220; (X\/1047)<\/a><\/p>\n\n\n\n<p><a href=\"http:\/\/gruene-schwerte.de\/wp-content\/uploads\/2024\/06\/24_06_17_HPGA_TOP-9-Vorlage-X_1048-Am-Musikantenviertel.pdf\" data-type=\"attachment\" data-id=\"8771\">TOP 9 &#8211; Stra\u00dfenbenennung BP 199 &#8222;Am Musikantenviertel&#8220; (X\/1048)<\/a><\/p>\n\n\n\n<p><a href=\"http:\/\/gruene-schwerte.de\/wp-content\/uploads\/2024\/06\/TOP-9.1.-X_1048_1-Aenderungsantrag-Gruene-Am-Musikantenvietel.pdf\" data-type=\"attachment\" data-id=\"8875\" target=\"_blank\" rel=\"noreferrer noopener\">TOP 9.1 &#8211; \u00c4nderungsantrag der Fraktion Die Gr\u00fcnen (X\/1048\/1)<\/a><\/p>\n\n\n\n<p><a href=\"http:\/\/gruene-schwerte.de\/wp-content\/uploads\/2024\/06\/24_06_17_HPGA_TOP-10-X_1021-Antrag-Gruene-Verwaltung-vor-Ort.pdf\" data-type=\"attachment\" data-id=\"8784\">TOP 10 &#8211; Verwaltung vor Ort: Pr\u00fcfung der Voraussetzungen<br>&#8211; Antrag der Fraktion Die Gr\u00fcnen vom 11.04.2024 (Eingang am 18.04.2024) (X\/1021)<\/a><\/p>\n\n\n\n<p><a href=\"http:\/\/gruene-schwerte.de\/wp-content\/uploads\/2024\/06\/24_06_17_HPGA_TOP-11-X_1044-Antrag-Gruene-Staedt.-IT.pdf\" data-type=\"attachment\" data-id=\"8783\">TOP 11 &#8211; Schutz vor Angriffen erh\u00f6hen, st\u00e4dtische IT sichern<br>&#8211; Antrag der Fraktion Die Gr\u00fcnen vom 14.05.2024 (Eingang am 14.05.2024) (X\/1044)<\/a><\/p>\n\n\n\n<p><a href=\"http:\/\/gruene-schwerte.de\/wp-content\/uploads\/2024\/06\/24_06_17_HPGA_TOP-12-X_1049-Antrag-FS-Streaming-BDI.pdf\" data-type=\"attachment\" data-id=\"8782\">TOP 12 &#8211; Testweise Einrichtung eines Streamings im BDI<br>&#8211; Antrag der FS-Fraktion vom 20.05.2024 (Eingang: 20.05.2024) (X\/1049)<\/a><\/p>\n\n\n\n<p><a href=\"http:\/\/gruene-schwerte.de\/wp-content\/uploads\/2024\/06\/24_06_17_HPGA_TOP-13-X_1060-Antrag-FS-Gleichstellungskonzept.pdf\" data-type=\"attachment\" data-id=\"8781\">TOP 13 &#8211; Antrag zur Erstellung eines Gleichstellungskonzeptes<br>&#8211; Antrag der FS-Fraktion vom 03.06.2024 (Eingang: 03.06.2024<\/a><\/p>\n\n\n\n<p><a href=\"http:\/\/gruene-schwerte.de\/wp-content\/uploads\/2024\/06\/24_06_17_HPGA_TOP-14-X_1062-Antrag-FS.-Buendnis-gegen-Sexismus.pdf\" data-type=\"attachment\" data-id=\"8780\">TOP 14 &#8211; Antrag B\u00fcndnis gegen Sexismus<br>&#8211; Antrag der FS-Fraktion vom 03.06.2024 (Eingang: 03.06.2024) (X\/1062)<\/a><\/p>\n\n\n\n<p>TOP 15 &#8211; Bericht gem\u00e4\u00df \u00a7 5 Zust\u00e4ndigkeitsordnung mit Beschlussausf\u00fchrungskontrolle<\/p>\n\n\n\n<p>TOP 16 &#8211; Informationen und Anfragen<\/p>\n\n\n\n<p><a href=\"http:\/\/gruene-schwerte.de\/wp-content\/uploads\/2024\/06\/24_06_17_HPGA_TOP-16.1.-X_1067-Anfrage-Gruene-Personalsituation-Jugendamt.pdf\" data-type=\"attachment\" data-id=\"8779\">TOP 16.1 &#8211; Personalsituation im Jugendamt &#8211; Anfrage der Fraktion Die Gr\u00fcnen vom 07.05.2024 (Eingang: 08.05.2024) (X\/1064)<\/a><\/p>\n\n\n\n<p><a href=\"http:\/\/gruene-schwerte.de\/wp-content\/uploads\/2024\/06\/24_06_17_HPGA_TOP-16.2.-X_1061-Anfrage-FS-Gender-Pay-Gap.pdf\" data-type=\"attachment\" data-id=\"8778\">TOP 16.2 &#8211; Anfrage zum Gender Pay Gap &#8211; Anfrage der FS-Fraktion vom 01.06.2024 (Eingang: 01.06.2024) (X\/1061)<\/a><\/p>\n\n\n\n<p><a href=\"http:\/\/gruene-schwerte.de\/wp-content\/uploads\/2024\/06\/24_06_17_HPGA_TOP-16.3.-X_1063-Anfrage-FS-Datenmanagement.pdf\" data-type=\"attachment\" data-id=\"8777\">TOP 16.3 &#8211; Datenmanagement der Stadt &#8211; Anfrage der FS-Fraktion vom 03.06.2024 (Eingang: 03.06.2024) (X\/1063)<\/a><\/p>\n\n\n\n<p><a href=\"http:\/\/gruene-schwerte.de\/wp-content\/uploads\/2024\/06\/24_06_17_HPGA_TOP-16.4.-X_1064-Anfrage-FS-Staedt.-Kooperationen.pdf\" data-type=\"attachment\" data-id=\"8776\">TOP 16.4 &#8211; St\u00e4dtische Kooperationen &#8211; Anfrage der FS-Fraktion vom 03.06.2024 (Eingang: 04.06.2024) (X\/1064)<\/a><\/p>\n","protected":false},"excerpt":{"rendered":"<p>18.06.2024, 17 Uhr, Ratssaal, Rathausstra\u00dfe 31, 58239 Schwerte Einladung Tagesordnung TOP 1 &#8211; Feststellung der form- und fristgerechten Einladung sowie Beschlussf\u00e4higkeit des Ausschusses TOP 2 &#8211; Genehmigung der Tagesordnung TOP [&hellip;]<\/p>\n","protected":false},"author":9,"featured_media":0,"parent":0,"menu_order":0,"comment_status":"closed","ping_status":"closed","template":"","meta":{"ngg_post_thumbnail":0,"footnotes":""},"class_list":["post-8766","page","type-page","status-publish","hentry"],"jetpack_sharing_enabled":true,"_links":{"self":[{"href":"https:\/\/gruene-schwerte.de\/index.php\/wp-json\/wp\/v2\/pages\/8766","targetHints":{"allow":["GET"]}}],"collection":[{"href":"https:\/\/gruene-schwerte.de\/index.php\/wp-json\/wp\/v2\/pages"}],"about":[{"href":"https:\/\/gruene-schwerte.de\/index.php\/wp-json\/wp\/v2\/types\/page"}],"author":[{"embeddable":true,"href":"https:\/\/gruene-schwerte.de\/index.php\/wp-json\/wp\/v2\/users\/9"}],"replies":[{"embeddable":true,"href":"https:\/\/gruene-schwerte.de\/index.php\/wp-json\/wp\/v2\/comments?post=8766"}],"version-history":[{"count":7,"href":"https:\/\/gruene-schwerte.de\/index.php\/wp-json\/wp\/v2\/pages\/8766\/revisions"}],"predecessor-version":[{"id":8876,"href":"https:\/\/gruene-schwerte.de\/index.php\/wp-json\/wp\/v2\/pages\/8766\/revisions\/8876"}],"wp:attachment":[{"href":"https:\/\/gruene-schwerte.de\/index.php\/wp-json\/wp\/v2\/media?parent=8766"}],"curies":[{"name":"wp","href":"https:\/\/api.w.org\/{rel}","templated":true}]}}