{"id":8763,"date":"2024-06-11T16:17:38","date_gmt":"2024-06-11T14:17:38","guid":{"rendered":"http:\/\/gruene-schwerte.de\/?page_id=8763"},"modified":"2024-06-14T19:08:41","modified_gmt":"2024-06-14T17:08:41","slug":"24_06_19_rat","status":"publish","type":"page","link":"https:\/\/gruene-schwerte.de\/index.php\/24_06_19_rat\/","title":{"rendered":"TRISS &#8211; Ratssitzung"},"content":{"rendered":"\n<p>19.06.2024, 17 Uhr, Ratssaal, Rathausstra\u00dfe 31, 58239 Schwerte<br><\/p>\n\n\n\n<p><a href=\"http:\/\/gruene-schwerte.de\/wp-content\/uploads\/2024\/06\/24_06_19_RAT_Einladung-Rat.pdf\" data-type=\"attachment\" data-id=\"8842\">Einladung<\/a><\/p>\n\n\n\n<p><strong>Tagesordnung<\/strong><\/p>\n\n\n\n<p>TOP 1 &#8211; Feststellung der form- und fristgerechten Einladung sowie Beschlussf\u00e4higkeit des Ausschusses<\/p>\n\n\n\n<p>TOP 2 &#8211; Genehmigung der Tagesordnung<\/p>\n\n\n\n<p>TOP 3 &#8211; Einwohner*innenfragestunde<\/p>\n\n\n\n<p>TOP 4 &#8211; Feststellung von Befangenheit<\/p>\n\n\n\n<p><a href=\"http:\/\/gruene-schwerte.de\/wp-content\/uploads\/2024\/06\/24_06_19_RAT_TOP-5-Eigenkapitalstaerkung.pdf\" data-type=\"attachment\" data-id=\"8824\">TOP 5 &#8211; Eigenkapitalst\u00e4rkung im Konzern Sonderverm\u00f6gen B\u00e4der (X\/1017)<\/a><\/p>\n\n\n\n<p>TOP 6 &#8211; Aufhebung des Bebauungsplans Nr. 24 &#8222;Gr\u00fcnstra\u00dfe&#8220; (X\/1025)<br>Behandlung der Anregungen im Rahmen der Offenlage gem. \u00a7 3 Abs. 2 und \u00a7 4 Abs. 2 BauGB und Satzungsbeschluss zur Aufhebung gem. \u00a7 10 Abs. 1 BauGB<\/p>\n\n\n\n<p><a href=\"http:\/\/gruene-schwerte.de\/wp-content\/uploads\/2024\/06\/24_06_19_RAT_TOP-6-Aufhebung-des-Bebauungsplans-Gruenstrasse.pdf\" data-type=\"attachment\" data-id=\"8820\">Vorlage<\/a><\/p>\n\n\n\n<p><a href=\"http:\/\/gruene-schwerte.de\/wp-content\/uploads\/2024\/06\/24_06_19_RAT_TOP-6-Anlage-1.pdf\" data-type=\"attachment\" data-id=\"8823\">Anlage 1<\/a><\/p>\n\n\n\n<p><a href=\"http:\/\/gruene-schwerte.de\/wp-content\/uploads\/2024\/06\/24_06_19_RAT_TOP-6-Anlage-2.pdf\" data-type=\"attachment\" data-id=\"8822\">Anlage 2<\/a><\/p>\n\n\n\n<p><a href=\"http:\/\/gruene-schwerte.de\/wp-content\/uploads\/2024\/06\/24_06_19_RAT_TOP-6-Anlage-3.pdf\" data-type=\"attachment\" data-id=\"8821\">Anlage 3<\/a><\/p>\n\n\n\n<p>TOP 7 &#8211; 1. \u00c4nderung Bebauungsplan Nr. 163 &#8222;Gewerbegebiet Nattland&#8220; (X\/1026) Behandlung der Anregungen im Rahmen der fr\u00fchzeitigen Beteiligung gem. \u00a7 3 Abs. 1 und \u00a7 4 Abs. 1 BauGB sowie der Offenlegung des Bebauungsplans gem. \u00a7 3 Abs. 2 und \u00a7 4 Abs.2 BauGBSatzungsbeschluss gem. \u00a7 10 Abs. 1 BauGB<\/p>\n\n\n\n<p><a href=\"http:\/\/gruene-schwerte.de\/wp-content\/uploads\/2024\/06\/24_06_19_RAT_TOP-7-Aenderung-Bebauungsplan-Nattland.pdf\" data-type=\"attachment\" data-id=\"8815\">Vorlage<\/a><\/p>\n\n\n\n<p><a href=\"http:\/\/gruene-schwerte.de\/wp-content\/uploads\/2024\/06\/24_06_19_RAT_TOP-7-Anlage-1.pdf\" data-type=\"attachment\" data-id=\"8819\">Anlage 1<\/a><\/p>\n\n\n\n<p><a href=\"http:\/\/gruene-schwerte.de\/wp-content\/uploads\/2024\/06\/24_06_19_RAT_TOP-7-Anlage-2.pdf\" data-type=\"attachment\" data-id=\"8818\">Anlage 2<\/a><\/p>\n\n\n\n<p><a href=\"http:\/\/gruene-schwerte.de\/wp-content\/uploads\/2024\/06\/24_06_19_RAT_TOP-7-Anlage-3.pdf\" data-type=\"attachment\" data-id=\"8817\">Anlage 3<\/a><\/p>\n\n\n\n<p><a href=\"http:\/\/gruene-schwerte.de\/wp-content\/uploads\/2024\/06\/24_06_19_RAT_TOP-7-Anlage-4.pdf\" data-type=\"attachment\" data-id=\"8816\">Anlage 4<\/a><\/p>\n\n\n\n<p><a href=\"http:\/\/gruene-schwerte.de\/wp-content\/uploads\/2024\/06\/24_06_19_RAT_TOP-8-Wahl-Beirat-Verbraucherzentrale.pdf\" data-type=\"attachment\" data-id=\"8814\">TOP 8 &#8211; Wahl eines Mitgliedes f\u00fcr den Beirat der Verbraucherzentrale NRW, Beratungsstelle Schwerte (X\/1033)<\/a><\/p>\n\n\n\n<p>TOP 9 &#8211; Wasserversorgungskonzept Schwerte 2024-2029 (X\/1034)<\/p>\n\n\n\n<p>TOP 9.1 &#8211; Vorlage<\/p>\n\n\n\n<p>TOP 9.2 &#8211; Wasserversorgungskonzept 2024<\/p>\n\n\n\n<p><a href=\"http:\/\/gruene-schwerte.de\/wp-content\/uploads\/2024\/06\/24_06_19_RAT_TOP-9-Anlage-1-Karte-Wasserschutzgebiet-DEW.pdf\" data-type=\"attachment\" data-id=\"8811\">Anlage 1 Karte Wasserschutzgebiet DEW<\/a><\/p>\n\n\n\n<p><a href=\"http:\/\/gruene-schwerte.de\/wp-content\/uploads\/2024\/06\/24_06_19_RAT_TOP-9-Anlage-2-Tabelle-Gemeinde.pdf\" data-type=\"attachment\" data-id=\"8810\">Anlage 2 Tabelle Gemeinde<\/a><\/p>\n\n\n\n<p><a href=\"http:\/\/gruene-schwerte.de\/wp-content\/uploads\/2024\/06\/24_06_19_RAT_TOP-9-Anlage-3a-Tabelle-Versorgungsgebiet.pdf\" data-type=\"attachment\" data-id=\"8809\">Anlage 3a Tabelle Versorgungsgebiet<\/a><\/p>\n\n\n\n<p><a href=\"http:\/\/gruene-schwerte.de\/wp-content\/uploads\/2024\/06\/24_06_19_RAT_TOP-9-Anlage-3b-Beiblatt-Versorgungsgebiet.pdf\" data-type=\"attachment\" data-id=\"8808\">Anlage 3b Beiblatt Versorgungsgebiet<\/a><\/p>\n\n\n\n<p><a href=\"http:\/\/gruene-schwerte.de\/wp-content\/uploads\/2024\/06\/24_06_19_RAT_TOP-9-Anlage-4a-Tabelle-Aufbereitung-Hengsen.pdf\" data-type=\"attachment\" data-id=\"8807\">Anlage 4a Tabelle Aufbereitung Hengsen<\/a><\/p>\n\n\n\n<p><a href=\"http:\/\/gruene-schwerte.de\/wp-content\/uploads\/2024\/06\/24_06_19_RAT_TOP-9-Anlage-4a-Tabelle-Aufbereitung-Villigst.pdf\" data-type=\"attachment\" data-id=\"8806\">Anlage 4a Tabelle Aufbereitung Villigst<\/a><\/p>\n\n\n\n<p><a href=\"http:\/\/gruene-schwerte.de\/wp-content\/uploads\/2024\/06\/24_06_19_RAT_TOP-9-Anlage-4a-Tabelle-Aufbereitung-Westhofen.pdf\" data-type=\"attachment\" data-id=\"8805\">Anlage 4a Tabelle Aufbereitung Westhofen<\/a><\/p>\n\n\n\n<p><a href=\"http:\/\/gruene-schwerte.de\/wp-content\/uploads\/2024\/06\/24_06_19_RAT_TOP-9-Anlage-4b-Beiblatt-Aufbereitung-Hengsen.pdf\" data-type=\"attachment\" data-id=\"8804\">Anlage 4b Beiblatt Aufbereitung Hengsen<\/a><\/p>\n\n\n\n<p><a href=\"http:\/\/gruene-schwerte.de\/wp-content\/uploads\/2024\/06\/24_06_19_RAT_TOP-9-Anlage-4b-Beiblatt-Aufbereitung-Villigst.pdf\" data-type=\"attachment\" data-id=\"8803\">Anlage 4b Beiblatt Aufbereitung Villigst<\/a><\/p>\n\n\n\n<p><a href=\"http:\/\/gruene-schwerte.de\/wp-content\/uploads\/2024\/06\/24_06_19_RAT_TOP-9-Anlage-4b-Beiblatt-Aufbereitung-Westhofen.pdf\" data-type=\"attachment\" data-id=\"8802\">Anlage 4b Beiblatt Aufbereitung Westhofen<\/a><\/p>\n\n\n\n<p><a href=\"http:\/\/gruene-schwerte.de\/wp-content\/uploads\/2024\/06\/24_06_19_RAT_TOP-9-Anlage-5a-Tabelle-Gewinnung-Hengsen.pdf\" data-type=\"attachment\" data-id=\"8801\">Anlage 5a Tabelle Gewinnung Hengsen<\/a><\/p>\n\n\n\n<p><a href=\"http:\/\/gruene-schwerte.de\/wp-content\/uploads\/2024\/06\/24_06_19_RAT_TOP-9-Anlage-5a-Tabelle-Gewinnung-RheinenVilligst.pdf\" data-type=\"attachment\" data-id=\"8800\">Anlage 5a Tabelle Gewinnung RheinenVilligst<\/a><\/p>\n\n\n\n<p><a href=\"http:\/\/gruene-schwerte.de\/wp-content\/uploads\/2024\/06\/24_06_19_RAT_TOP-9-Anlage-5a-Tabelle-Gewinnung-WesthofenWandhofen.pdf\" data-type=\"attachment\" data-id=\"8799\">Anlage 5a Tabelle Gewinnung WesthofenWandhofen<\/a><\/p>\n\n\n\n<p><a href=\"http:\/\/gruene-schwerte.de\/wp-content\/uploads\/2024\/06\/24_06_19_RAT_TOP-9-Anlage-5b-Beiblatt-Gewinnung-Hengsen.pdf\" data-type=\"attachment\" data-id=\"8798\">Anlage 5b Beiblatt Gewinnung Hengsen<\/a><\/p>\n\n\n\n<p><a href=\"http:\/\/gruene-schwerte.de\/wp-content\/uploads\/2024\/06\/24_06_19_RAT_TOP-9-Anlage-5b-Beiblatt-Gewinnung-RheinenVilligst.pdf\" data-type=\"attachment\" data-id=\"8797\">Anlage 5b Beiblatt Gewinnung RheinenVilligst<\/a><\/p>\n\n\n\n<p><a href=\"http:\/\/gruene-schwerte.de\/wp-content\/uploads\/2024\/06\/24_06_19_RAT_TOP-9-Anlage-5b-Beiblatt-Gewinnung-WesthofenWandhofen.pdf\" data-type=\"attachment\" data-id=\"8796\">Anlage 5b Beiblatt Gewinnung WesthofenWandhofen<\/a><\/p>\n\n\n\n<p><a href=\"http:\/\/gruene-schwerte.de\/wp-content\/uploads\/2024\/06\/24_06_19_RAT_TOP-9-Anlage-6-Tabelle-Betreiber-Aufbereitung-und-Gewinnung.pdf\" data-type=\"attachment\" data-id=\"8795\">Anlage 6 Tabelle Betreiber Aufbereitung und Gewinnung<\/a><\/p>\n\n\n\n<p><a href=\"http:\/\/gruene-schwerte.de\/wp-content\/uploads\/2024\/06\/24_06_19_RAT_TOP-9-Anlage-6-Tabelle-Betreiber-Versorgungsgebiet.pdf\" data-type=\"attachment\" data-id=\"8794\">Anlage 6 Tabelle Betreiber Versorgungsgebiet<\/a><\/p>\n\n\n\n<p><a href=\"http:\/\/gruene-schwerte.de\/wp-content\/uploads\/2024\/06\/24_06_19_RAT_TOP-9-Anlage-7-Tabelle-Kleinanlagen.pdf\" data-type=\"attachment\" data-id=\"8793\">Anlage 7 Tabelle Kleinanlagen<\/a><\/p>\n\n\n\n<p>TOP 10 &#8211; \u00c4nderung der Bewohnerparkgeb\u00fchrensatzung; hier: Neufassung einer Geb\u00fchrenordnung f\u00fcr die Erhebung von Parkgeb\u00fchren (X\/1053)<\/p>\n\n\n\n<p><a href=\"http:\/\/gruene-schwerte.de\/wp-content\/uploads\/2024\/06\/24_06_19_RAT_TOP-10-Anlage-Gebuehrenordnung-Bewohnerparken.pdf\" data-type=\"attachment\" data-id=\"8841\">Vorlage<\/a><\/p>\n\n\n\n<p><a href=\"http:\/\/gruene-schwerte.de\/wp-content\/uploads\/2024\/06\/24_06_19_RAT_TOP-10-Bewohnerparkgebuehrensatzung.pdf\" data-type=\"attachment\" data-id=\"8840\">Anlage Geb\u00fchresatzung Bewohnerparken<\/a><\/p>\n\n\n\n<p>TOP 10.1 &#8211; <a href=\"http:\/\/gruene-schwerte.de\/wp-content\/uploads\/2024\/06\/24_06_17_AWFSO_10_Aenderung.pdf\" data-type=\"attachment\" data-id=\"8862\" target=\"_blank\" rel=\"noreferrer noopener\">\u00c4nderungsantrag Fraktion Die Gr\u00fcnen (X\/1053\/1)<\/a><\/p>\n\n\n\n<p>TOP 11 &#8211; MitMachStadt<\/p>\n\n\n\n<p><a href=\"http:\/\/gruene-schwerte.de\/wp-content\/uploads\/2024\/06\/24_06_19_RAT_TOP-11.1-Empfehlung-des-MitMachGremiums-Vorblatt.pdf\" data-type=\"attachment\" data-id=\"8837\">Vorblatt<\/a><\/p>\n\n\n\n<p><a href=\"http:\/\/gruene-schwerte.de\/wp-content\/uploads\/2024\/06\/24_06_19_RAT_TOP-11.1-Anlage-1-Empfehlung-des-MitMachGremiums.pdf\" data-type=\"attachment\" data-id=\"8839\">TOP 11.1 Empfehlung des MitMachGremiums an den Rat zur Neubefassung und R\u00fccknahme der Ratsbeschl\u00fcsse vom 20.03.24 zum Evaluationsbericht Beteiligungsm\u00f6glichkeiten (X\/1052)<\/a><\/p>\n\n\n\n<p><a href=\"http:\/\/gruene-schwerte.de\/wp-content\/uploads\/2024\/06\/24_06_19_RAT_TOP-11.1-Anlage-2-Durch-den-Rat-beschlossene-Evaluation.pdf\" data-type=\"attachment\" data-id=\"8838\">TOP 11.1 Beschluss des Rates zur Evaluation<\/a><\/p>\n\n\n\n<p>TOP 11.2 &#8211; MitMachPortal &#8211; Antrag der Fraktion Die Gr\u00fcnen vom 04.06.2024 (Eingang: 04.06.2024) (X\/1065)<\/p>\n\n\n\n<p><a href=\"http:\/\/gruene-schwerte.de\/wp-content\/uploads\/2024\/06\/24_06_19_RAT_TOP-11.2-Antrag-Gruene-MitMachPortal-Vorblatt.pdf\" data-type=\"attachment\" data-id=\"8835\">Vorblatt<\/a><\/p>\n\n\n\n<p><a href=\"http:\/\/gruene-schwerte.de\/wp-content\/uploads\/2024\/06\/24_06_19_RAT_TOP-11.2-Antrag-Gruene-MitMachPortal-Antrag.pdf\" data-type=\"attachment\" data-id=\"8836\">Antrag<\/a><\/p>\n\n\n\n<p>TOP 12 &#8211; Mehr Offenheit wagen: Transparenzsatzung f\u00fcr Schwerte &#8211; Antrag der Fraktion Die Gr\u00fcnen vom 11.04.2024 (Eingang am 18.04.2024) &#8211; (X\/1020)<\/p>\n\n\n\n<p><a href=\"http:\/\/gruene-schwerte.de\/wp-content\/uploads\/2024\/06\/24_06_19_RAT_TOP-12-Antrag-Gruene-Transparenzsatzung-Vorblatt.pdf\" data-type=\"attachment\" data-id=\"8833\">Vorblatt<\/a><\/p>\n\n\n\n<p><a href=\"http:\/\/gruene-schwerte.de\/wp-content\/uploads\/2024\/06\/24_06_19_RAT_TOP-12-Antrag-Gruene-Transparenzsatzung-Antrag.pdf\" data-type=\"attachment\" data-id=\"8834\">Antrag<\/a><\/p>\n\n\n\n<p>TOP 13.1 &#8211; Rederecht im Schulausschuss &#8211; Gemeinsamer Antrag der Fraktion Die Gr\u00fcnen und der FDP- Fraktion vom 07.05.2024 (Eingang am 07.05.2024)&nbsp;\u2013 (X\/1038)<\/p>\n\n\n\n<p><a href=\"http:\/\/gruene-schwerte.de\/wp-content\/uploads\/2024\/06\/24_06_19_RAT_TOP-13.1-Antrag-Gruene-und-FDP-Rederecht-SchulA-Vorblatt.pdf\" data-type=\"attachment\" data-id=\"8831\">Vorblatt<\/a><\/p>\n\n\n\n<p><a href=\"http:\/\/gruene-schwerte.de\/wp-content\/uploads\/2024\/06\/24_06_19_RAT_TOP-13.1-Antrag-Gruene-und-FDP-Rederecht-SchulA-Antrag.pdf\" data-type=\"attachment\" data-id=\"8832\">Antrag<\/a><\/p>\n\n\n\n<p>TOP 13.2 &#8211; Festlegung der personellen St\u00e4rke des Schulausschusses \u00c4nderungsantrag zu X\/0948<br>&#8211; gemeinsamer Antrag der SPD-, CDU- und WfS-Fraktion vom 28.05.2024 (Eingang: 28.05.2024) (X\/1055)<\/p>\n\n\n\n<p><a href=\"http:\/\/gruene-schwerte.de\/wp-content\/uploads\/2024\/06\/24_06_19_RAT_TOP-13.2-Antrag-SPD-CDU-WfS-personelle-Staerke-SchulA-Vorblatt.pdf\" data-type=\"attachment\" data-id=\"8829\">Vorblatt<\/a><\/p>\n\n\n\n<p><a href=\"http:\/\/gruene-schwerte.de\/wp-content\/uploads\/2024\/06\/24_06_19_RAT_TOP-13.2-Antrag-SPD-CDU-WfS-personelle-Staerke-SchulA-Antrag.pdf\" data-type=\"attachment\" data-id=\"8830\">Antrag<\/a><\/p>\n\n\n\n<p>TOP 14 &#8211; Antrag auf Nichteinf\u00fchrung der Bezahlkarte in Schwerte<br>&#8211; Antrag des fraktionslosen Ratsmitgliedes Weyers vom 26.05.2024 (Eingang: 28.05.2024) (X\/1059)<\/p>\n\n\n\n<p><a href=\"http:\/\/gruene-schwerte.de\/wp-content\/uploads\/2024\/06\/24_06_19_RAT_TOP-14-Antrag-RM-Weyers-Bezahlkarte-Vorblatt.pdf\" data-type=\"attachment\" data-id=\"8827\">Vorblatt<\/a><\/p>\n\n\n\n<p><a href=\"http:\/\/gruene-schwerte.de\/wp-content\/uploads\/2024\/06\/24_06_19_RAT_TOP-14-Antrag-RM-Weyers-Bezahlkarte-Antrag.pdf\" data-type=\"attachment\" data-id=\"8828\">Antrag<\/a><\/p>\n\n\n\n<p>TOP 15 &#8211; M\u00fcndlicher Bericht zur Fusion der Sparkasse<\/p>\n\n\n\n<p>TOP 16 &#8211; Bericht gem\u00e4\u00df \u00a7 5 Zust\u00e4ndigkeitsordnung mit Beschlussausf\u00fchrungskontrolle<\/p>\n\n\n\n<p>TOP 17 &#8211; Informationen und Anfragen<\/p>\n\n\n\n<p>TOP 17.1 &#8211; Anfragen des fraktionslosen Ratsmitgliedes Weyers vom 08.05.2024 (Eingang: 22.05.2024) (X\/1058)<\/p>\n\n\n\n<p><a href=\"http:\/\/gruene-schwerte.de\/wp-content\/uploads\/2024\/06\/24_06_19_RAT_TOP-17.1-Anfragen-RM-Weyers-Anfragen.pdf\" data-type=\"attachment\" data-id=\"8826\">Anfrage<\/a><\/p>\n\n\n\n<p>TOP 17.2 &#8211; Anfrage Die Gr\u00fcnen &#8211; Beteiligung bei der Verkehrsplanung (X\/1069)<\/p>\n\n\n\n<p>Anfrage<\/p>\n\n\n\n<p>TOP 17.3 &#8211; Anfrage CDU-Fraktion &#8211; Haver-Hallen (X\/1070)<\/p>\n\n\n\n<p>Anfrage<\/p>\n\n\n\n<p>TOP 17.4 &#8211; Anfrage CDU-Fraktion &#8211; Briefwahl (X\/1071)<\/p>\n\n\n\n<p>Anfrage<\/p>\n","protected":false},"excerpt":{"rendered":"<p>19.06.2024, 17 Uhr, Ratssaal, Rathausstra\u00dfe 31, 58239 Schwerte Einladung Tagesordnung TOP 1 &#8211; Feststellung der form- und fristgerechten Einladung sowie Beschlussf\u00e4higkeit des Ausschusses TOP 2 &#8211; Genehmigung der Tagesordnung TOP [&hellip;]<\/p>\n","protected":false},"author":9,"featured_media":0,"parent":0,"menu_order":0,"comment_status":"closed","ping_status":"closed","template":"","meta":{"ngg_post_thumbnail":0,"footnotes":""},"class_list":["post-8763","page","type-page","status-publish","hentry"],"jetpack_sharing_enabled":true,"_links":{"self":[{"href":"https:\/\/gruene-schwerte.de\/index.php\/wp-json\/wp\/v2\/pages\/8763","targetHints":{"allow":["GET"]}}],"collection":[{"href":"https:\/\/gruene-schwerte.de\/index.php\/wp-json\/wp\/v2\/pages"}],"about":[{"href":"https:\/\/gruene-schwerte.de\/index.php\/wp-json\/wp\/v2\/types\/page"}],"author":[{"embeddable":true,"href":"https:\/\/gruene-schwerte.de\/index.php\/wp-json\/wp\/v2\/users\/9"}],"replies":[{"embeddable":true,"href":"https:\/\/gruene-schwerte.de\/index.php\/wp-json\/wp\/v2\/comments?post=8763"}],"version-history":[{"count":10,"href":"https:\/\/gruene-schwerte.de\/index.php\/wp-json\/wp\/v2\/pages\/8763\/revisions"}],"predecessor-version":[{"id":8867,"href":"https:\/\/gruene-schwerte.de\/index.php\/wp-json\/wp\/v2\/pages\/8763\/revisions\/8867"}],"wp:attachment":[{"href":"https:\/\/gruene-schwerte.de\/index.php\/wp-json\/wp\/v2\/media?parent=8763"}],"curies":[{"name":"wp","href":"https:\/\/api.w.org\/{rel}","templated":true}]}}