{"id":5803,"date":"2022-09-24T13:33:22","date_gmt":"2022-09-24T11:33:22","guid":{"rendered":"http:\/\/gruene-schwerte.de\/?page_id=5803"},"modified":"2022-09-24T13:33:25","modified_gmt":"2022-09-24T11:33:25","slug":"barbara-stellmacher-2","status":"publish","type":"page","link":"https:\/\/gruene-schwerte.de\/index.php\/ratsfraktion\/unser-team-im-rat\/barbara-stellmacher-2\/","title":{"rendered":"Barbara Stellmacher"},"content":{"rendered":"<p><img loading=\"lazy\" decoding=\"async\" class=\"aligncenter wp-image-1669\" src=\"http:\/\/gruene-schwerte.de\/wp-content\/uploads\/2020\/07\/Barbara_Plakat_2020-1263-400x267.jpg\" alt=\"\" width=\"800\" height=\"533\" srcset=\"https:\/\/gruene-schwerte.de\/wp-content\/uploads\/2020\/07\/Barbara_Plakat_2020-1263-400x267.jpg 400w, https:\/\/gruene-schwerte.de\/wp-content\/uploads\/2020\/07\/Barbara_Plakat_2020-1263-800x533.jpg 800w, https:\/\/gruene-schwerte.de\/wp-content\/uploads\/2020\/07\/Barbara_Plakat_2020-1263-768x512.jpg 768w, https:\/\/gruene-schwerte.de\/wp-content\/uploads\/2020\/07\/Barbara_Plakat_2020-1263-1536x1024.jpg 1536w, https:\/\/gruene-schwerte.de\/wp-content\/uploads\/2020\/07\/Barbara_Plakat_2020-1263-2048x1365.jpg 2048w, https:\/\/gruene-schwerte.de\/wp-content\/uploads\/2020\/07\/Barbara_Plakat_2020-1263-150x100.jpg 150w\" sizes=\"auto, (max-width: 800px) 100vw, 800px\" \/><\/p>\n<p>&nbsp;<\/p>\n<p>Geboren bin ich in Witten und lebe seit 1985 in Schwerte. Mein liebstes Fortbewegungsmittel ist das Fahrrad. Politisch bin ich seit fast 20 Jahren aktiv.&nbsp;<\/p>\n<h4>Was ich f\u00fcr Schwerte erreichen m\u00f6chte:<\/h4>\n<p>Gr\u00fcn ist die Notwendigkeit des Erhalts und der Ausweitung der st\u00e4dtischen Gr\u00fcnfl\u00e4chen. Ohne das Engagement der Gr\u00fcnen g\u00e4be es heute keinen Baum mehr auf dem Bahnhofsvorplatz. Ich werde mich aktiv daf\u00fcr einsetzen, dass es keine Bebauung am Nordwall geben wird.<br \/>\nDer Ausbau des fl\u00e4chendeckenden Glasfasernetzes in Schwerte muss beschleunigt werden um neue Berufsfelder zu er\u00f6ffnen und unsere Schulen leistungsf\u00e4higer zu machen.<br \/>\nEin umfassendes Verkehrskonzept muss zur gleichberechtigen Nutzung aller, das heisst Fu\u00dfg\u00e4nger*innen, Nutzer*innen des \u00d6PNV, Radfahrer*innen und motorisierten Verkehrsteilnehmer*innen f\u00fchren. Der Ausbau erneuerbarer Energien muss vorangetrieben werden, damit auch noch unsere Kinder in einer gesunden Stadt leben k\u00f6nnen.<br \/>\nIch werde mich auch weiterhin f\u00fcr das friedliche Miteinander aller Kulturen und Religionen in Schwerte und den Schutz von Minderheiten gegen rechte \u00dcbergriffe einsetzen.<\/p>\n<h4>Kontakt:<\/h4>\n<p>barbara.stellmacher@gruene-schwerte.de<\/p>\n<p>&nbsp;<\/p>\n","protected":false},"excerpt":{"rendered":"<p>&nbsp; Geboren bin ich in Witten und lebe seit 1985 in Schwerte. Mein liebstes Fortbewegungsmittel ist das Fahrrad. Politisch bin ich seit fast 20 Jahren aktiv.&nbsp; Was ich f\u00fcr Schwerte [&hellip;]<\/p>\n","protected":false},"author":2,"featured_media":0,"parent":2885,"menu_order":0,"comment_status":"closed","ping_status":"closed","template":"","meta":{"ngg_post_thumbnail":0,"footnotes":""},"class_list":["post-5803","page","type-page","status-publish","hentry"],"jetpack_sharing_enabled":true,"_links":{"self":[{"href":"https:\/\/gruene-schwerte.de\/index.php\/wp-json\/wp\/v2\/pages\/5803","targetHints":{"allow":["GET"]}}],"collection":[{"href":"https:\/\/gruene-schwerte.de\/index.php\/wp-json\/wp\/v2\/pages"}],"about":[{"href":"https:\/\/gruene-schwerte.de\/index.php\/wp-json\/wp\/v2\/types\/page"}],"author":[{"embeddable":true,"href":"https:\/\/gruene-schwerte.de\/index.php\/wp-json\/wp\/v2\/users\/2"}],"replies":[{"embeddable":true,"href":"https:\/\/gruene-schwerte.de\/index.php\/wp-json\/wp\/v2\/comments?post=5803"}],"version-history":[{"count":1,"href":"https:\/\/gruene-schwerte.de\/index.php\/wp-json\/wp\/v2\/pages\/5803\/revisions"}],"predecessor-version":[{"id":5804,"href":"https:\/\/gruene-schwerte.de\/index.php\/wp-json\/wp\/v2\/pages\/5803\/revisions\/5804"}],"up":[{"embeddable":true,"href":"https:\/\/gruene-schwerte.de\/index.php\/wp-json\/wp\/v2\/pages\/2885"}],"wp:attachment":[{"href":"https:\/\/gruene-schwerte.de\/index.php\/wp-json\/wp\/v2\/media?parent=5803"}],"curies":[{"name":"wp","href":"https:\/\/api.w.org\/{rel}","templated":true}]}}