{"id":1746,"date":"2020-07-19T12:24:46","date_gmt":"2020-07-19T10:24:46","guid":{"rendered":"http:\/\/gruene-schwerte.de\/?page_id=1746"},"modified":"2025-09-22T16:52:35","modified_gmt":"2025-09-22T14:52:35","slug":"programm","status":"publish","type":"page","link":"https:\/\/gruene-schwerte.de\/index.php\/kommunalwahl-2020\/programm\/","title":{"rendered":"Unser Programm f\u00fcr Schwerte"},"content":{"rendered":"\n<div class=\"wp-block-cover alignfull is-light\" style=\"min-height:519px;aspect-ratio:unset;\"><img decoding=\"async\" class=\"wp-block-cover__image-background wp-image-382\" alt=\"\" src=\"https:\/\/sunflower-theme.de\/demo\/wp-content\/uploads\/sites\/6\/2021\/03\/matthias-oberholzer-gM5msl7rP2k-unsplash_s_crop-4.jpg\" style=\"object-position:52% 22%\" data-object-fit=\"cover\" data-object-position=\"52% 22%\"\/><span aria-hidden=\"true\" class=\"wp-block-cover__background has-background-dim-20 has-background-dim\"><\/span><div class=\"wp-block-cover__inner-container is-layout-constrained wp-block-cover-is-layout-constrained\">\n<h1 class=\"wp-block-heading has-text-align-center no-link has-white-color has-text-color has-link-color wp-elements-5edb97993f63b37959a53170b439380b\"><a href=\"#first-content\" data-type=\"internal\" data-id=\"#first-content\">Gemeinsam f\u00fcr ein lebenswertes Schwerte.<\/a><\/h1>\n<\/div><\/div>\n\n\n\n\n\n<h2 class=\"wp-block-heading\">&nbsp;<\/h2>\n\n\n\n<p>In den letzten f\u00fcnf Jahren haben wir gemeinsam viel bewegt \u2013 und das mit Herz, Weitblick und Engagement.&nbsp;<\/p>\n\n\n\n<p>Dank starker Zusammenarbeit und klarer Ziele konnten wir unter anderem erreichen:<\/p>\n\n\n\n<ul class=\"wp-block-list\">\n<li>Neubau und Sicherung des TFG-Standorts<\/li>\n\n\n\n<li>Verbindliche Klimaschutzziele f\u00fcr unsere Stadt<\/li>\n\n\n\n<li>Die Er\u00f6ffnung des Familienb\u00fcros als zentrale <br>Anlaufstelle f\u00fcr Familien<\/li>\n<\/ul>\n\n\n\n<p>\u2026und vieles mehr!<\/p>\n\n\n\n<p>Doch wir sind noch lange nicht am Ziel, denn vieles fehlt noch. Unsere Ideen sind in unserem Wahlprogramm veranschaulicht.<\/p>\n\n\n\n<p><strong>Es behandelt die Themen:<\/strong><br><em>Klima-,&nbsp; Umwelt- und Naturschutz<\/em><\/p>\n\n\n\n<p><em>Frauenpolitik<\/em><\/p>\n\n\n\n<p><em>Mobilit\u00e4t<\/em><\/p>\n\n\n\n<p><em>Gesellschaftlicher Zusammenhalt und Demokratief\u00f6rderung<\/em><\/p>\n\n\n\n<p><em>Politik f\u00fcr alle Generationen<\/em><\/p>\n\n\n\n<p><em>Infrastruktur<\/em><\/p>\n\n\n\n<p><em>Wohnen<\/em><\/p>\n\n\n\n<p><em>Schule<\/em><\/p>\n\n\n\n<p><em>Flucht und Migration<\/em><\/p>\n\n\n\n<p><em>Queerpolitik<\/em><\/p>\n\n\n\n<p><em>Kultur<\/em><\/p>\n\n\n\n<p><em>Digitalisierung<\/em><\/p>\n\n\n\n<p><em>Wirtschaft und Finanzen<\/em><\/p>\n\n\n\n<p>Das Wahlprogramm ist weiter unten auf dieser Website zu finden oder in gedruckter Form vor Ort in der GR\u00dcNFl\u00e4che.<\/p>\n\n\n\n<p><em>Packen wir es an \u2013 gemeinsam!<\/em><\/p>\n\n\n\n\n\n<h2 class=\"wp-block-heading\">Unser Wahlprogramm<\/h2>\n\n\n\n<p><a href=\"https:\/\/gruene-schwerte.de\/wp-content\/uploads\/2025\/08\/2025-07-gruene_wahlprogramm-A5_web.pdf\">Unser Programm k\u00f6nnt ihr hier herunterladen oder in der Ansicht durchbl\u00e4ttern!<\/a><\/p>\n\n\n<h6>\u00a0<\/h6>\n\n\n<div data-wp-interactive=\"core\/file\" class=\"wp-block-file\"><object data-wp-bind--hidden=\"!state.hasPdfPreview\" hidden class=\"wp-block-file__embed\" data=\"https:\/\/gruene-schwerte.de\/wp-content\/uploads\/2025\/08\/2025-07-gruene_wahlprogramm-A5_web.pdf\" type=\"application\/pdf\" style=\"width:100%;height:600px\" aria-label=\"Einbettung von Download Wahlprogramm.\"><\/object><a id=\"wp-block-file--media-a3f1d1a2-bc17-4211-acf7-aff3c2e21fb5\" href=\"https:\/\/gruene-schwerte.de\/wp-content\/uploads\/2025\/08\/2025-07-gruene_wahlprogramm-A5_web.pdf\">Download Wahlprogramm<\/a><a href=\"https:\/\/gruene-schwerte.de\/wp-content\/uploads\/2025\/08\/2025-07-gruene_wahlprogramm-A5_web.pdf\" class=\"wp-block-file__button wp-element-button\" download aria-describedby=\"wp-block-file--media-a3f1d1a2-bc17-4211-acf7-aff3c2e21fb5\">Herunterladen<\/a><\/div>\n\n\n\n<p><\/p>\n","protected":false},"excerpt":{"rendered":"<p>&nbsp; In den letzten f\u00fcnf Jahren haben wir gemeinsam viel bewegt \u2013 und das mit Herz, Weitblick und Engagement.&nbsp; Dank starker Zusammenarbeit und klarer Ziele konnten wir unter anderem erreichen: [&hellip;]<\/p>\n","protected":false},"author":2,"featured_media":0,"parent":346,"menu_order":0,"comment_status":"closed","ping_status":"closed","template":"","meta":{"ngg_post_thumbnail":0,"footnotes":""},"class_list":["post-1746","page","type-page","status-publish","hentry"],"jetpack_sharing_enabled":true,"_links":{"self":[{"href":"https:\/\/gruene-schwerte.de\/index.php\/wp-json\/wp\/v2\/pages\/1746","targetHints":{"allow":["GET"]}}],"collection":[{"href":"https:\/\/gruene-schwerte.de\/index.php\/wp-json\/wp\/v2\/pages"}],"about":[{"href":"https:\/\/gruene-schwerte.de\/index.php\/wp-json\/wp\/v2\/types\/page"}],"author":[{"embeddable":true,"href":"https:\/\/gruene-schwerte.de\/index.php\/wp-json\/wp\/v2\/users\/2"}],"replies":[{"embeddable":true,"href":"https:\/\/gruene-schwerte.de\/index.php\/wp-json\/wp\/v2\/comments?post=1746"}],"version-history":[{"count":15,"href":"https:\/\/gruene-schwerte.de\/index.php\/wp-json\/wp\/v2\/pages\/1746\/revisions"}],"predecessor-version":[{"id":12763,"href":"https:\/\/gruene-schwerte.de\/index.php\/wp-json\/wp\/v2\/pages\/1746\/revisions\/12763"}],"up":[{"embeddable":true,"href":"https:\/\/gruene-schwerte.de\/index.php\/wp-json\/wp\/v2\/pages\/346"}],"wp:attachment":[{"href":"https:\/\/gruene-schwerte.de\/index.php\/wp-json\/wp\/v2\/media?parent=1746"}],"curies":[{"name":"wp","href":"https:\/\/api.w.org\/{rel}","templated":true}]}}